{"id":2202,"date":"2024-06-26T09:38:04","date_gmt":"2024-06-26T09:38:04","guid":{"rendered":"https:\/\/www.evaneduchalova.cz\/?page_id=2202"},"modified":"2026-01-04T16:45:19","modified_gmt":"2026-01-04T16:45:19","slug":"obchodni-podminky","status":"publish","type":"page","link":"https:\/\/www.evaneduchalova.cz\/index.php\/obchodni-podminky\/","title":{"rendered":"Obchodn\u00ed podm\u00ednky"},"content":{"rendered":"\t\t<div data-elementor-type=\"wp-page\" data-elementor-id=\"2202\" class=\"elementor elementor-2202\" data-elementor-post-type=\"page\">\n\t\t\t\t<div class=\"elementor-element elementor-element-788f3c4 e-flex e-con-boxed e-con e-parent\" data-id=\"788f3c4\" data-element_type=\"container\" data-e-type=\"container\" data-settings=\"{&quot;background_background&quot;:&quot;gradient&quot;}\">\n\t\t\t\t\t<div class=\"e-con-inner\">\n\t\t<div class=\"elementor-element elementor-element-7053e3b0 e-con-full e-flex e-con e-child\" data-id=\"7053e3b0\" data-element_type=\"container\" data-e-type=\"container\">\n\t\t\t\t<div class=\"elementor-element elementor-element-1c867dad elementor-widget elementor-widget-heading\" data-id=\"1c867dad\" data-element_type=\"widget\" data-e-type=\"widget\" data-widget_type=\"heading.default\">\n\t\t\t\t<div class=\"elementor-widget-container\">\n\t\t\t\t\t<h6 class=\"elementor-heading-title elementor-size-default\">v\u0161eobecn\u00e9<\/h6>\t\t\t\t<\/div>\n\t\t\t\t<\/div>\n\t\t\t\t<div class=\"elementor-element elementor-element-675be135 elementor-widget elementor-widget-heading\" data-id=\"675be135\" data-element_type=\"widget\" data-e-type=\"widget\" data-widget_type=\"heading.default\">\n\t\t\t\t<div class=\"elementor-widget-container\">\n\t\t\t\t\t<h1 class=\"elementor-heading-title elementor-size-default\">Obchodn\u00ed podm\u00ednky<\/h1>\t\t\t\t<\/div>\n\t\t\t\t<\/div>\n\t\t\t\t<\/div>\n\t\t\t\t\t<\/div>\n\t\t\t\t<\/div>\n\t\t<div class=\"elementor-element elementor-element-6bfe0332 e-flex e-con-boxed e-con e-parent\" data-id=\"6bfe0332\" data-element_type=\"container\" data-e-type=\"container\" data-settings=\"{&quot;background_background&quot;:&quot;classic&quot;}\">\n\t\t\t\t\t<div class=\"e-con-inner\">\n\t\t<div class=\"elementor-element elementor-element-2c1491c3 e-con-full e-flex e-con e-child\" data-id=\"2c1491c3\" data-element_type=\"container\" data-e-type=\"container\">\n\t\t\t\t<div class=\"elementor-element elementor-element-36440aa4 elementor-widget-divider--view-line elementor-widget elementor-widget-divider\" data-id=\"36440aa4\" data-element_type=\"widget\" data-e-type=\"widget\" data-widget_type=\"divider.default\">\n\t\t\t\t<div class=\"elementor-widget-container\">\n\t\t\t\t\t\t\t<div class=\"elementor-divider\">\n\t\t\t<span class=\"elementor-divider-separator\">\n\t\t\t\t\t\t<\/span>\n\t\t<\/div>\n\t\t\t\t\t\t<\/div>\n\t\t\t\t<\/div>\n\t\t\t\t<div class=\"elementor-element elementor-element-1c32f455 elementor-widget elementor-widget-text-editor\" data-id=\"1c32f455\" data-element_type=\"widget\" data-e-type=\"widget\" data-widget_type=\"text-editor.default\">\n\t\t\t\t<div class=\"elementor-widget-container\">\n\t\t\t\t\t\t\t\t\t<h2>V\u0161eobecn\u00e9 obchodn\u00ed podm\u00ednky\u00a0<\/h2><p><em>Salon kr\u00e1sy Eva Neduchalov\u00e1, I\u010cO 08058296<\/em><\/p><h3>1. Z\u00e1kladn\u00ed ustanoven\u00ed<\/h3><p>Tyto v\u0161eobecn\u00e9 smluvn\u00ed podm\u00ednky upravuj\u00ed pr\u00e1vn\u00ed z\u00e1vazkov\u00e9 vztahy mezi poskytovatelem slu\u017eeb(slu\u017eby uveden\u00e9 na <em>www.evaneduchalova.cz\u00a0<\/em>v provozovn\u011b \u0158\u00edde\u010d 305, \u00a0785 01 \u0158\u00edde\u010d-\u0160ternberk a kupuj\u00edc\u00edm poskytovan\u00fdch slu\u017eeb.<\/p><p>Provozovatel poskytuje \u00a0slu\u017eby na z\u00e1klad\u011b platn\u00e9ho \u017eivnostensk\u00e9ho opr\u00e1vn\u011bn\u00ed a doklad\u016f osv\u011bd\u010duj\u00edc\u00edch odbornou zp\u016fsobilost k vykon\u00e1van\u00fdm \u010dinnostem.<\/p><p>Objedn\u00e1n\u00edm konkr\u00e9tn\u00edho term\u00ednu o\u0161et\u0159en\u00ed nebo objedn\u00e1n\u00edm d\u00e1rkov\u00e9ho poukazu (osobn\u011b, telefonicky, emailem, SMS) projevuje kupuj\u00edc\u00ed sv\u016fj souhlas s v\u0161eobecn\u00fdmi obchodn\u00edmi podm\u00ednkami provozovatele.<\/p><p>Nesouhlas\u00ed-li z\u00e1kazn\u00edk s t\u011bmito podm\u00ednkami, m\u00e1 mo\u017enost slu\u017eby salonu nevyu\u017e\u00edt.<\/p><h3>2. Objedn\u00e1vka slu\u017eeb<\/h3><p><strong>Term\u00edn n\u00e1v\u0161t\u011bvy<\/strong><\/p><p>Term\u00edn n\u00e1v\u0161t\u011bvy je pot\u0159eba dohodnout a rezervovat p\u0159edem (osobn\u011b, telefonicky, emailem). Objednan\u00fd term\u00edn se st\u00e1v\u00e1 z\u00e1vaznou objedn\u00e1vkou.<\/p><p><strong>P\u0159eobjedn\u00e1n\u00ed<\/strong><\/p><p>Pokud se nem\u016f\u017eete v dohodnut\u00e9m term\u00ednu na proceduru dostavit, informujte o tom p\u0159edem telefonicky, emailem nebo, nejpozd\u011bji v\u0161ak 24 hodin p\u0159ed zah\u00e1jen\u00edm o\u0161et\u0159en\u00ed.<\/p><p>Pokud Va\u0161i n\u00e1v\u0161t\u011bvu nezru\u0161\u00edte s dostate\u010dn\u00fdm p\u0159edstihem bude V\u00e1m \u00fa\u010dtov\u00e1no 50% z ceny objednan\u00e9 slu\u017eby. Bohu\u017eel v tak kr\u00e1tk\u00e9m \u010dasov\u00e9m \u00faseku u\u017e nem\u00e1me mo\u017enost obsadit m\u00edsto jinou klientkou.<\/p><p><strong>Pozdn\u00ed p\u0159\u00edchod<\/strong><\/p><p>Dostav\u00edte-li se se zpo\u017ed\u011bn\u00edm, bude vase o\u0161et\u0159en\u00ed zkr\u00e1ceno, tak aby mohl b\u00fdt obslou\u017een z\u00e1kazn\u00edk, kter\u00fd je objedn\u00e1n po Va\u0161em o\u0161et\u0159en\u00ed , v \u010dase na kter\u00fd je objedn\u00e1n.<\/p><p><strong>D\u00e1rkov\u00e9 poukaz<\/strong><\/p><p>M\u00e1-li z\u00e1kazn\u00edk d\u00e1rkov\u00fd poukaz na konkr\u00e9tn\u00ed slu\u017ebu nebo hodnotu a nedostav\u00ed-li se bez omluvy, d\u00e1rkov\u00fd poukaz bude pova\u017eov\u00e1n za vy\u010derpan\u00fd. Je-li d\u00e1rkov\u00fd poukaz vystaven na nomin\u00e1ln\u00ed \u010d\u00e1stku, je \u010d\u00e1stka v hodnot\u011b objednan\u00e9 slu\u017eby ode\u010dtena z hodnoty certifik\u00e1tu. D\u00e1rkov\u00fd poukaz lze vy\u010derpat pouze na slu\u017eby, nelze ho vyu\u017e\u00edt na n\u00e1kup produkt\u016f. D\u00e1rkov\u00fd poukaz lze vy\u010derpat pouze po dobu jeho platnosti, kter\u00e1 je vyzna\u010dena na d\u00e1rkov\u00e9m poukazu.\u00a0 D\u00e1rkov\u00fd poukaz je platn\u00fd pouze po dobu uvedenou na poukazu. Pot\u00e9 pozb\u00fdv\u00e1 platnosti a kupuj\u00edc\u00ed nem\u00e1 n\u00e1rok na vr\u00e1cen\u00ed zaplacen\u00e9 \u010d\u00e1stky.<\/p><p>Platbu d\u00e1rkov\u00fdm poukazem je nutno nahl\u00e1sit p\u0159ed za\u010d\u00e1tkem o\u0161et\u0159en\u00ed pro ov\u011b\u0159en\u00ed platnosti. Pokud z\u00e1kazn\u00edk nenahl\u00e1s\u00ed d\u00e1rkov\u00fd poukaz p\u0159i objedn\u00e1vce o\u0161et\u0159en\u00ed, nemus\u00ed b\u00fdt akceptov\u00e1n pro platbu.<\/p><p>Nevy\u010derpanou hodnotu d\u00e1rkov\u00e9ho poukazu nelze sm\u011bnit zp\u011bt za hotovost. D\u00e1rkov\u00e9 poukazy nelze vr\u00e1tit ani vym\u011bnit za hotovost.<\/p><p><strong>Odm\u00edtnut\u00ed slu\u017eby<\/strong><\/p><p>Procedura m\u016f\u017ee b\u00fdt odm\u00edtnuta v t\u011bchto p\u0159\u00edpadech:<\/p><ul><li>z\u00e1kazn\u00edk trp\u00ed kontraindikacemi, kter\u00e9 jsou uvedeny u ka\u017ed\u00e9ho o\u0161et\u0159en\u00ed<\/li><li>z\u00e1kazn\u00edk se dostav\u00ed na o\u0161et\u0159en\u00ed v podnapil\u00e9m stavu, nebo nebo pod vlivem n\u00e1vykov\u00fdch l\u00e1tek<\/li><li>z\u00e1kazn\u00edk se dostav\u00ed na o\u0161et\u0159en\u00ed se zdravotn\u00edmi probl\u00e9my<\/li><li>z\u00e1kazn\u00edk se dostav\u00ed na o\u0161et\u0159en\u00ed v nevyhovuj\u00edc\u00edm hygienick\u00e9m stavu<\/li><\/ul><p><strong>Osobn\u00ed v\u011bci a cennosti<\/strong><\/p><p>Provozovatel za jak\u00e9koliv p\u0159\u00edpadn\u00e9 ztr\u00e1ty v\u011bc\u00ed klienta p\u0159ed, b\u011bhem i po procedu\u0159e neru\u010d\u00ed.<\/p><p><strong>Cen\u00edky<\/strong><\/p><p>Cen\u00edky jsou k nahl\u00e9dnut\u00ed ve studiu a na webov\u00fdch str\u00e1nk\u00e1ch provozovatele. Ceny plat\u00ed pro z\u00e1kladn\u00ed provozn\u00ed dobu v pracovn\u00edch dnech od pond\u011bl\u00ed do p\u00e1tku. Nejsme pl\u00e1tci DPH.<\/p><p><strong>Prodej produkt\u016f<\/strong><\/p><p>Produkty lze reklamovat pouze v p\u016fvodn\u00edm balen\u00ed a neotev\u0159en\u00e9 a to v z\u00e1konn\u00e9 dob\u011b a z\u00e1konn\u00fdm zp\u016fsobem.<\/p><h3>3. Reklamace slu\u017eeb<\/h3><p>P\u0159i reklamaci poskytovan\u00fdch slu\u017eeb mus\u00ed z\u00e1kazn\u00edk bezodkladn\u011b a hodnov\u011brn\u00fdm zp\u016fsobem dolo\u017eit, \u017ee p\u0159edm\u011bt reklamace souvis\u00ed s konkr\u00e9tn\u00edm pochyben\u00edm provozovatele. Reklamace se pod\u00e1v\u00e1 p\u00edsemn\u011b na adresu provozovatele. V p\u0159\u00edpad\u011b bezp\u0159edm\u011btn\u00e9 reklamace budou n\u00e1klady na jej\u00ed projedn\u00e1n\u00ed vym\u00e1h\u00e1ny po z\u00e1kazn\u00edkovi.<\/p><h3>4. Platnost a \u00fa\u010dinnost<\/h3><p>Tyto v\u0161eobecn\u00e9 obchodn\u00ed podm\u00ednky vstupuj\u00ed v platnost a \u00fa\u010dinnost dne 26.6.2024<\/p>\t\t\t\t\t\t\t\t<\/div>\n\t\t\t\t<\/div>\n\t\t<div class=\"elementor-element elementor-element-7414fd0c e-flex e-con-boxed e-con e-child\" data-id=\"7414fd0c\" data-element_type=\"container\" data-e-type=\"container\">\n\t\t\t\t\t<div class=\"e-con-inner\">\n\t\t<div class=\"elementor-element elementor-element-5432fda4 e-con-full e-flex e-con e-child\" data-id=\"5432fda4\" data-element_type=\"container\" data-e-type=\"container\">\n\t\t\t\t<\/div>\n\t\t<div class=\"elementor-element elementor-element-1341b85a e-con-full e-flex e-con e-child\" data-id=\"1341b85a\" data-element_type=\"container\" data-e-type=\"container\">\n\t\t\t\t<\/div>\n\t\t<div class=\"elementor-element elementor-element-71ede7fa e-con-full e-flex e-con e-child\" data-id=\"71ede7fa\" data-element_type=\"container\" data-e-type=\"container\">\n\t\t\t\t<\/div>\n\t\t\t\t\t<\/div>\n\t\t\t\t<\/div>\n\t\t\t\t<\/div>\n\t\t\t\t\t<\/div>\n\t\t\t\t<\/div>\n\t\t<div class=\"elementor-element elementor-element-03924b0 e-flex e-con-boxed e-con e-parent\" data-id=\"03924b0\" data-element_type=\"container\" data-e-type=\"container\">\n\t\t\t\t\t<div class=\"e-con-inner\">\n\t\t<div class=\"elementor-element elementor-element-72d9800 e-con-full e-flex e-con e-child\" data-id=\"72d9800\" data-element_type=\"container\" data-e-type=\"container\">\n\t\t\t\t<div class=\"elementor-element elementor-element-86a7f6e elementor-widget elementor-widget-text-editor\" data-id=\"86a7f6e\" data-element_type=\"widget\" data-e-type=\"widget\" data-widget_type=\"text-editor.default\">\n\t\t\t\t<div class=\"elementor-widget-container\">\n\t\t\t\t\t\t\t\t\t<h2><span class=\"s1\">SOUHLAS SE ZPRACOV\u00c1N\u00cdM OSOBN\u00cdCH \u00daDAJ\u016e (GDPR)<\/span><\/h2><p class=\"p3\"><span class=\"s2\">v souladu s Na\u0159\u00edzen\u00edm Evropsk\u00e9ho parlamentu a Rady (EU) 2016\/679 (GDPR)<\/span><\/p><hr \/><h3><span class=\"s1\">1. Spr\u00e1vce osobn\u00edch \u00fadaj\u016f<\/span><\/h3><p class=\"p3\"><span class=\"s2\">Spr\u00e1vcem osobn\u00edch \u00fadaj\u016f je:<\/span><\/p><p class=\"p3\"><span class=\"s3\">Eva Martinov\u00e1 \u2013 Kosmetick\u00e9 studio \u0158\u00edde\u010d<\/span><\/p><p class=\"p3\"><span class=\"s2\">I\u010cO: 08058295<\/span><\/p><p class=\"p3\"><span class=\"s2\">S\u00eddlo \/ m\u00edsto podnik\u00e1n\u00ed: \u0158\u00edde\u010d 305, 785 01 \u0160ternberk<\/span><\/p><p class=\"p3\"><span class=\"s2\">E-mail: kosmetikaneduchalova@seznam.cz<\/span><\/p><p class=\"p3\"><span class=\"s2\">(d\u00e1le jen \u201espr\u00e1vce\u201c)<\/span><\/p><hr \/><h3><span class=\"s1\">2. Rozsah zpracov\u00e1van\u00fdch osobn\u00edch \u00fadaj\u016f<\/span><\/h3><p class=\"p3\"><span class=\"s2\">Souhlas\u00edm se zpracov\u00e1n\u00edm n\u00e1sleduj\u00edc\u00edch osobn\u00edch \u00fadaj\u016f:<\/span><\/p><ul><li><p class=\"p1\"><span class=\"s1\">jm\u00e9no a p\u0159\u00edjmen\u00ed<\/span><\/p><\/li><li><p class=\"p1\"><span class=\"s1\">datum narozen\u00ed<\/span><\/p><\/li><li><p class=\"p1\"><span class=\"s1\">kontaktn\u00ed \u00fadaje (telefon, e-mail)<\/span><\/p><\/li><li><p class=\"p1\"><span class=\"s1\">zdravotn\u00ed \u00fadaje relevantn\u00ed pro kosmetick\u00e9 o\u0161et\u0159en\u00ed a permanentn\u00ed make-up<\/span><\/p><p class=\"p1\"><span class=\"s1\">(nap\u0159. alergie, ko\u017en\u00ed onemocn\u011bn\u00ed, kontraindikace, u\u017e\u00edvan\u00e9 l\u00e9ky)<\/span><\/p><\/li><li><p class=\"p1\"><span class=\"s1\">\u00fadaje o proveden\u00fdch o\u0161et\u0159en\u00edch<\/span><\/p><\/li><li><p class=\"p1\"><span class=\"s1\">fotografie p\u0159ed, v pr\u016fb\u011bhu a po o\u0161et\u0159en\u00ed<\/span><\/p><\/li><\/ul><hr \/><h3><span class=\"s1\">3. \u00da\u010del zpracov\u00e1n\u00ed osobn\u00edch \u00fadaj\u016f<\/span><\/h3><p class=\"p3\"><span class=\"s2\">Osobn\u00ed \u00fadaje jsou zpracov\u00e1v\u00e1ny za \u00fa\u010delem:<\/span><\/p><ul><li><p class=\"p1\"><span class=\"s1\">veden\u00ed klientsk\u00e9 kartot\u00e9ky<\/span><\/p><\/li><li><p class=\"p1\"><span class=\"s1\">zaji\u0161t\u011bn\u00ed bezpe\u010dn\u00e9ho a odborn\u00e9ho proveden\u00ed kosmetick\u00fdch slu\u017eeb a permanentn\u00edho make-upu<\/span><\/p><\/li><li><p class=\"p1\"><span class=\"s1\">sledov\u00e1n\u00ed pr\u016fb\u011bhu hojen\u00ed a v\u00fdsledk\u016f o\u0161et\u0159en\u00ed<\/span><\/p><\/li><li><p class=\"p1\"><span class=\"s1\">ochrany zdrav\u00ed klienta a prevence komplikac\u00ed<\/span><\/p><\/li><li><p class=\"p1\"><span class=\"s1\">pln\u011bn\u00ed z\u00e1konn\u00fdch povinnost\u00ed podnikatele<\/span><\/p><\/li><\/ul><hr \/><h3><span class=\"s1\">4. Fotografick\u00e1 dokumentace<\/span><\/h3><p class=\"p3\"><span class=\"s2\">Souhlas\u00edm s po\u0159izov\u00e1n\u00edm fotografi\u00ed:<\/span><\/p><p class=\"p3\"><span class=\"s2\">\u2610 <\/span><span class=\"s3\">ANO \/ \u2610 NE<\/span><span class=\"s2\"> \u2013 fotografie pro <\/span><span class=\"s3\">intern\u00ed dokumentaci<\/span><span class=\"s2\"> (kartot\u00e9ka, porovn\u00e1n\u00ed v\u00fdsledk\u016f)<\/span><\/p><p class=\"p3\"><span class=\"s2\">\u2610 <\/span><span class=\"s3\">ANO \/ \u2610 NE<\/span><span class=\"s2\"> \u2013 fotografie pro <\/span><span class=\"s3\">prezentaci pr\u00e1ce spr\u00e1vce<\/span><\/p><p class=\"p3\"><span class=\"s2\">(webov\u00e9 str\u00e1nky, soci\u00e1ln\u00ed s\u00edt\u011b, propaga\u010dn\u00ed materi\u00e1ly)<\/span><\/p><p class=\"p3\"><span class=\"s2\">Fotografie nebudou zve\u0159ejn\u011bny zp\u016fsobem, kter\u00fd by umo\u017enil moji jednozna\u010dnou identifikaci, pokud k tomu ned\u00e1m v\u00fdslovn\u00fd souhlas.<\/span><\/p><hr \/><h3><span class=\"s1\">5. Doba uchov\u00e1n\u00ed \u00fadaj\u016f<\/span><\/h3><p class=\"p3\"><span class=\"s2\">Osobn\u00ed \u00fadaje budou uchov\u00e1v\u00e1ny po dobu:<\/span><\/p><ul><li><p class=\"p1\"><span class=\"s1\">trv\u00e1n\u00ed spolupr\u00e1ce<\/span><\/p><\/li><li><p class=\"p1\"><span class=\"s1\">a d\u00e1le maxim\u00e1ln\u011b <\/span><span class=\"s2\">10 let<\/span><span class=\"s1\"> od posledn\u00edho o\u0161et\u0159en\u00ed,<\/span><\/p><p class=\"p1\"><span class=\"s1\">nebo po dobu stanovenou platn\u00fdmi pr\u00e1vn\u00edmi p\u0159edpisy.<\/span><\/p><\/li><\/ul><hr \/><h3><span class=\"s1\">6. Pr\u00e1va subjektu \u00fadaj\u016f<\/span><\/h3><p class=\"p3\"><span class=\"s2\">Byla jsem pou\u010dena o sv\u00fdch pr\u00e1vech, zejm\u00e9na o pr\u00e1vu:<\/span><\/p><ul><li><p class=\"p1\"><span class=\"s1\">na p\u0159\u00edstup ke sv\u00fdm osobn\u00edm \u00fadaj\u016fm<\/span><\/p><\/li><li><p class=\"p1\"><span class=\"s1\">na jejich opravu nebo v\u00fdmaz<\/span><\/p><\/li><li><p class=\"p1\"><span class=\"s1\">na omezen\u00ed zpracov\u00e1n\u00ed<\/span><\/p><\/li><li><p class=\"p1\"><span class=\"s1\">vzn\u00e9st n\u00e1mitku proti zpracov\u00e1n\u00ed<\/span><\/p><\/li><li><p class=\"p1\"><span class=\"s1\">kdykoliv odvolat tento souhlas<\/span><\/p><\/li><li><p class=\"p1\"><span class=\"s1\">podat st\u00ed\u017enost u \u00da\u0159adu pro ochranu osobn\u00edch \u00fadaj\u016f<\/span><\/p><\/li><\/ul><hr \/><h3><span class=\"s1\">7. Z\u00e1v\u011bre\u010dn\u00e9 ustanoven\u00ed<\/span><\/h3><p class=\"p3\"><span class=\"s2\">Tento souhlas ud\u011bluji <\/span><span class=\"s3\">dobrovoln\u011b<\/span><span class=\"s2\">, svobodn\u011b a jsem si v\u011bdoma toho, \u017ee jej mohu kdykoliv p\u00edsemn\u011b odvolat.<\/span><\/p><hr \/><p class=\"p3\"><span class=\"s2\">V ____________________ dne _______________<\/span><\/p><p class=\"p3\"><span class=\"s2\">Podpis klienta: _______________________________<\/span><\/p>\t\t\t\t\t\t\t\t<\/div>\n\t\t\t\t<\/div>\n\t\t\t\t<\/div>\n\t\t\t\t\t<\/div>\n\t\t\t\t<\/div>\n\t\t\t\t<\/div>\n\t\t","protected":false},"excerpt":{"rendered":"<p>v\u0161eobecn\u00e9 Obchodn\u00ed podm\u00ednky V\u0161eobecn\u00e9 obchodn\u00ed podm\u00ednky\u00a0 Salon kr\u00e1sy Eva Neduchalov\u00e1, I\u010cO 08058296 1. Z\u00e1kladn\u00ed ustanoven\u00ed Tyto v\u0161eobecn\u00e9 smluvn\u00ed podm\u00ednky upravuj\u00ed pr\u00e1vn\u00ed z\u00e1vazkov\u00e9 vztahy mezi poskytovatelem slu\u017eeb(slu\u017eby uveden\u00e9 na www.evaneduchalova.cz\u00a0v provozovn\u011b \u0158\u00edde\u010d 305, \u00a0785 01 \u0158\u00edde\u010d-\u0160ternberk a kupuj\u00edc\u00edm poskytovan\u00fdch slu\u017eeb. Provozovatel poskytuje \u00a0slu\u017eby na z\u00e1klad\u011b platn\u00e9ho \u017eivnostensk\u00e9ho opr\u00e1vn\u011bn\u00ed a doklad\u016f osv\u011bd\u010duj\u00edc\u00edch odbornou zp\u016fsobilost k vykon\u00e1van\u00fdm \u010dinnostem. &hellip;<\/p>\n<p class=\"read-more\"> <a class=\"\" href=\"https:\/\/www.evaneduchalova.cz\/index.php\/obchodni-podminky\/\"> <span class=\"screen-reader-text\">Obchodn\u00ed podm\u00ednky<\/span> Pokra\u010dovat ve \u010dten\u00ed &raquo;<\/a><\/p>\n","protected":false},"author":1,"featured_media":0,"parent":0,"menu_order":0,"comment_status":"closed","ping_status":"closed","template":"","meta":{"om_disable_all_campaigns":false,"_uag_custom_page_level_css":"","_monsterinsights_skip_tracking":false,"_monsterinsights_sitenote_active":false,"_monsterinsights_sitenote_note":"","_monsterinsights_sitenote_category":0,"site-sidebar-layout":"no-sidebar","site-content-layout":"page-builder","ast-site-content-layout":"full-width-container","site-content-style":"unboxed","site-sidebar-style":"unboxed","ast-global-header-display":"","ast-banner-title-visibility":"","ast-main-header-display":"","ast-hfb-above-header-display":"","ast-hfb-below-header-display":"","ast-hfb-mobile-header-display":"","site-post-title":"disabled","ast-breadcrumbs-content":"","ast-featured-img":"disabled","footer-sml-layout":"","theme-transparent-header-meta":"default","adv-header-id-meta":"","stick-header-meta":"","header-above-stick-meta":"","header-main-stick-meta":"","header-below-stick-meta":"","astra-migrate-meta-layouts":"set","ast-page-background-enabled":"default","ast-page-background-meta":{"desktop":{"background-color":"var(--ast-global-color-4)","background-image":"","background-repeat":"repeat","background-position":"center center","background-size":"auto","background-attachment":"scroll","background-type":"","background-media":"","overlay-type":"","overlay-color":"","overlay-gradient":""},"tablet":{"background-color":"","background-image":"","background-repeat":"repeat","background-position":"center center","background-size":"auto","background-attachment":"scroll","background-type":"","background-media":"","overlay-type":"","overlay-color":"","overlay-gradient":""},"mobile":{"background-color":"","background-image":"","background-repeat":"repeat","background-position":"center center","background-size":"auto","background-attachment":"scroll","background-type":"","background-media":"","overlay-type":"","overlay-color":"","overlay-gradient":""}},"ast-content-background-meta":{"desktop":{"background-color":"var(--ast-global-color-5)","background-image":"","background-repeat":"repeat","background-position":"center center","background-size":"auto","background-attachment":"scroll","background-type":"","background-media":"","overlay-type":"","overlay-color":"","overlay-gradient":""},"tablet":{"background-color":"var(--ast-global-color-5)","background-image":"","background-repeat":"repeat","background-position":"center center","background-size":"auto","background-attachment":"scroll","background-type":"","background-media":"","overlay-type":"","overlay-color":"","overlay-gradient":""},"mobile":{"background-color":"var(--ast-global-color-5)","background-image":"","background-repeat":"repeat","background-position":"center center","background-size":"auto","background-attachment":"scroll","background-type":"","background-media":"","overlay-type":"","overlay-color":"","overlay-gradient":""}},"footnotes":""},"class_list":["post-2202","page","type-page","status-publish","hentry"],"aioseo_notices":[],"yoast_head":"<!-- This site is optimized with the Yoast SEO plugin v27.5 - https:\/\/yoast.com\/product\/yoast-seo-wordpress\/ -->\n<title>Obchodn\u00ed podm\u00ednky - Kosmetick\u00e9 studio<\/title>\n<meta name=\"robots\" content=\"index, follow, max-snippet:-1, max-image-preview:large, max-video-preview:-1\" \/>\n<link rel=\"canonical\" href=\"https:\/\/www.evaneduchalova.cz\/index.php\/obchodni-podminky\/\" \/>\n<meta property=\"og:locale\" content=\"cs_CZ\" \/>\n<meta property=\"og:type\" content=\"article\" \/>\n<meta property=\"og:title\" content=\"Obchodn\u00ed podm\u00ednky - Kosmetick\u00e9 studio\" \/>\n<meta property=\"og:description\" content=\"v\u0161eobecn\u00e9 Obchodn\u00ed podm\u00ednky V\u0161eobecn\u00e9 obchodn\u00ed podm\u00ednky\u00a0 Salon kr\u00e1sy Eva Neduchalov\u00e1, I\u010cO 08058296 1. Z\u00e1kladn\u00ed ustanoven\u00ed Tyto v\u0161eobecn\u00e9 smluvn\u00ed podm\u00ednky upravuj\u00ed pr\u00e1vn\u00ed z\u00e1vazkov\u00e9 vztahy mezi poskytovatelem slu\u017eeb(slu\u017eby uveden\u00e9 na www.evaneduchalova.cz\u00a0v provozovn\u011b \u0158\u00edde\u010d 305, \u00a0785 01 \u0158\u00edde\u010d-\u0160ternberk a kupuj\u00edc\u00edm poskytovan\u00fdch slu\u017eeb. Provozovatel poskytuje \u00a0slu\u017eby na z\u00e1klad\u011b platn\u00e9ho \u017eivnostensk\u00e9ho opr\u00e1vn\u011bn\u00ed a doklad\u016f osv\u011bd\u010duj\u00edc\u00edch odbornou zp\u016fsobilost k vykon\u00e1van\u00fdm \u010dinnostem. &hellip; Obchodn\u00ed podm\u00ednky Pokra\u010dovat ve \u010dten\u00ed &raquo;\" \/>\n<meta property=\"og:url\" content=\"https:\/\/www.evaneduchalova.cz\/index.php\/obchodni-podminky\/\" \/>\n<meta property=\"og:site_name\" content=\"Kosmetick\u00e9 studio\" \/>\n<meta property=\"article:modified_time\" content=\"2026-01-04T16:45:19+00:00\" \/>\n<meta name=\"twitter:card\" content=\"summary_large_image\" \/>\n<meta name=\"twitter:label1\" content=\"Odhadovan\u00e1 doba \u010dten\u00ed\" \/>\n\t<meta name=\"twitter:data1\" content=\"5 minut\" \/>\n<script type=\"application\/ld+json\" class=\"yoast-schema-graph\">{\"@context\":\"https:\\\/\\\/schema.org\",\"@graph\":[{\"@type\":\"WebPage\",\"@id\":\"https:\\\/\\\/www.evaneduchalova.cz\\\/index.php\\\/obchodni-podminky\\\/\",\"url\":\"https:\\\/\\\/www.evaneduchalova.cz\\\/index.php\\\/obchodni-podminky\\\/\",\"name\":\"Obchodn\u00ed podm\u00ednky - Kosmetick\u00e9 studio\",\"isPartOf\":{\"@id\":\"https:\\\/\\\/www.evaneduchalova.cz\\\/#website\"},\"datePublished\":\"2024-06-26T09:38:04+00:00\",\"dateModified\":\"2026-01-04T16:45:19+00:00\",\"breadcrumb\":{\"@id\":\"https:\\\/\\\/www.evaneduchalova.cz\\\/index.php\\\/obchodni-podminky\\\/#breadcrumb\"},\"inLanguage\":\"cs\",\"potentialAction\":[{\"@type\":\"ReadAction\",\"target\":[\"https:\\\/\\\/www.evaneduchalova.cz\\\/index.php\\\/obchodni-podminky\\\/\"]}]},{\"@type\":\"BreadcrumbList\",\"@id\":\"https:\\\/\\\/www.evaneduchalova.cz\\\/index.php\\\/obchodni-podminky\\\/#breadcrumb\",\"itemListElement\":[{\"@type\":\"ListItem\",\"position\":1,\"name\":\"Dom\u016f\",\"item\":\"https:\\\/\\\/www.evaneduchalova.cz\\\/\"},{\"@type\":\"ListItem\",\"position\":2,\"name\":\"Obchodn\u00ed podm\u00ednky\"}]},{\"@type\":\"WebSite\",\"@id\":\"https:\\\/\\\/www.evaneduchalova.cz\\\/#website\",\"url\":\"https:\\\/\\\/www.evaneduchalova.cz\\\/\",\"name\":\"Kosmetick\u00e9 studio\",\"description\":\"Kosmetick\u00e9 studio\",\"publisher\":{\"@id\":\"https:\\\/\\\/www.evaneduchalova.cz\\\/#\\\/schema\\\/person\\\/2deee74a3e8b664bcb32ae47f56490be\"},\"potentialAction\":[{\"@type\":\"SearchAction\",\"target\":{\"@type\":\"EntryPoint\",\"urlTemplate\":\"https:\\\/\\\/www.evaneduchalova.cz\\\/?s={search_term_string}\"},\"query-input\":{\"@type\":\"PropertyValueSpecification\",\"valueRequired\":true,\"valueName\":\"search_term_string\"}}],\"inLanguage\":\"cs\"},{\"@type\":[\"Person\",\"Organization\"],\"@id\":\"https:\\\/\\\/www.evaneduchalova.cz\\\/#\\\/schema\\\/person\\\/2deee74a3e8b664bcb32ae47f56490be\",\"name\":\"evaneducha\",\"image\":{\"@type\":\"ImageObject\",\"inLanguage\":\"cs\",\"@id\":\"https:\\\/\\\/www.evaneduchalova.cz\\\/wp-content\\\/uploads\\\/2022\\\/10\\\/04509B79-EE2B-46F9-BACE-8DBEE42D7FF7-scaled.jpeg\",\"url\":\"https:\\\/\\\/www.evaneduchalova.cz\\\/wp-content\\\/uploads\\\/2022\\\/10\\\/04509B79-EE2B-46F9-BACE-8DBEE42D7FF7-scaled.jpeg\",\"contentUrl\":\"https:\\\/\\\/www.evaneduchalova.cz\\\/wp-content\\\/uploads\\\/2022\\\/10\\\/04509B79-EE2B-46F9-BACE-8DBEE42D7FF7-scaled.jpeg\",\"width\":2560,\"height\":1071,\"caption\":\"evaneducha\"},\"logo\":{\"@id\":\"https:\\\/\\\/www.evaneduchalova.cz\\\/wp-content\\\/uploads\\\/2022\\\/10\\\/04509B79-EE2B-46F9-BACE-8DBEE42D7FF7-scaled.jpeg\"},\"sameAs\":[\"http:\\\/\\\/localhost\\\/wordpress\"]}]}<\/script>\n<!-- \/ Yoast SEO plugin. -->","yoast_head_json":{"title":"Obchodn\u00ed podm\u00ednky - Kosmetick\u00e9 studio","robots":{"index":"index","follow":"follow","max-snippet":"max-snippet:-1","max-image-preview":"max-image-preview:large","max-video-preview":"max-video-preview:-1"},"canonical":"https:\/\/www.evaneduchalova.cz\/index.php\/obchodni-podminky\/","og_locale":"cs_CZ","og_type":"article","og_title":"Obchodn\u00ed podm\u00ednky - Kosmetick\u00e9 studio","og_description":"v\u0161eobecn\u00e9 Obchodn\u00ed podm\u00ednky V\u0161eobecn\u00e9 obchodn\u00ed podm\u00ednky\u00a0 Salon kr\u00e1sy Eva Neduchalov\u00e1, I\u010cO 08058296 1. Z\u00e1kladn\u00ed ustanoven\u00ed Tyto v\u0161eobecn\u00e9 smluvn\u00ed podm\u00ednky upravuj\u00ed pr\u00e1vn\u00ed z\u00e1vazkov\u00e9 vztahy mezi poskytovatelem slu\u017eeb(slu\u017eby uveden\u00e9 na www.evaneduchalova.cz\u00a0v provozovn\u011b \u0158\u00edde\u010d 305, \u00a0785 01 \u0158\u00edde\u010d-\u0160ternberk a kupuj\u00edc\u00edm poskytovan\u00fdch slu\u017eeb. Provozovatel poskytuje \u00a0slu\u017eby na z\u00e1klad\u011b platn\u00e9ho \u017eivnostensk\u00e9ho opr\u00e1vn\u011bn\u00ed a doklad\u016f osv\u011bd\u010duj\u00edc\u00edch odbornou zp\u016fsobilost k vykon\u00e1van\u00fdm \u010dinnostem. &hellip; Obchodn\u00ed podm\u00ednky Pokra\u010dovat ve \u010dten\u00ed &raquo;","og_url":"https:\/\/www.evaneduchalova.cz\/index.php\/obchodni-podminky\/","og_site_name":"Kosmetick\u00e9 studio","article_modified_time":"2026-01-04T16:45:19+00:00","twitter_card":"summary_large_image","twitter_misc":{"Odhadovan\u00e1 doba \u010dten\u00ed":"5 minut"},"schema":{"@context":"https:\/\/schema.org","@graph":[{"@type":"WebPage","@id":"https:\/\/www.evaneduchalova.cz\/index.php\/obchodni-podminky\/","url":"https:\/\/www.evaneduchalova.cz\/index.php\/obchodni-podminky\/","name":"Obchodn\u00ed podm\u00ednky - Kosmetick\u00e9 studio","isPartOf":{"@id":"https:\/\/www.evaneduchalova.cz\/#website"},"datePublished":"2024-06-26T09:38:04+00:00","dateModified":"2026-01-04T16:45:19+00:00","breadcrumb":{"@id":"https:\/\/www.evaneduchalova.cz\/index.php\/obchodni-podminky\/#breadcrumb"},"inLanguage":"cs","potentialAction":[{"@type":"ReadAction","target":["https:\/\/www.evaneduchalova.cz\/index.php\/obchodni-podminky\/"]}]},{"@type":"BreadcrumbList","@id":"https:\/\/www.evaneduchalova.cz\/index.php\/obchodni-podminky\/#breadcrumb","itemListElement":[{"@type":"ListItem","position":1,"name":"Dom\u016f","item":"https:\/\/www.evaneduchalova.cz\/"},{"@type":"ListItem","position":2,"name":"Obchodn\u00ed podm\u00ednky"}]},{"@type":"WebSite","@id":"https:\/\/www.evaneduchalova.cz\/#website","url":"https:\/\/www.evaneduchalova.cz\/","name":"Kosmetick\u00e9 studio","description":"Kosmetick\u00e9 studio","publisher":{"@id":"https:\/\/www.evaneduchalova.cz\/#\/schema\/person\/2deee74a3e8b664bcb32ae47f56490be"},"potentialAction":[{"@type":"SearchAction","target":{"@type":"EntryPoint","urlTemplate":"https:\/\/www.evaneduchalova.cz\/?s={search_term_string}"},"query-input":{"@type":"PropertyValueSpecification","valueRequired":true,"valueName":"search_term_string"}}],"inLanguage":"cs"},{"@type":["Person","Organization"],"@id":"https:\/\/www.evaneduchalova.cz\/#\/schema\/person\/2deee74a3e8b664bcb32ae47f56490be","name":"evaneducha","image":{"@type":"ImageObject","inLanguage":"cs","@id":"https:\/\/www.evaneduchalova.cz\/wp-content\/uploads\/2022\/10\/04509B79-EE2B-46F9-BACE-8DBEE42D7FF7-scaled.jpeg","url":"https:\/\/www.evaneduchalova.cz\/wp-content\/uploads\/2022\/10\/04509B79-EE2B-46F9-BACE-8DBEE42D7FF7-scaled.jpeg","contentUrl":"https:\/\/www.evaneduchalova.cz\/wp-content\/uploads\/2022\/10\/04509B79-EE2B-46F9-BACE-8DBEE42D7FF7-scaled.jpeg","width":2560,"height":1071,"caption":"evaneducha"},"logo":{"@id":"https:\/\/www.evaneduchalova.cz\/wp-content\/uploads\/2022\/10\/04509B79-EE2B-46F9-BACE-8DBEE42D7FF7-scaled.jpeg"},"sameAs":["http:\/\/localhost\/wordpress"]}]}},"uagb_featured_image_src":{"full":false,"thumbnail":false,"medium":false,"medium_large":false,"large":false,"1536x1536":false,"2048x2048":false},"uagb_author_info":{"display_name":"evaneducha","author_link":"https:\/\/www.evaneduchalova.cz\/index.php\/author\/evaneducha\/"},"uagb_comment_info":0,"uagb_excerpt":"v\u0161eobecn\u00e9 Obchodn\u00ed podm\u00ednky V\u0161eobecn\u00e9 obchodn\u00ed podm\u00ednky\u00a0 Salon kr\u00e1sy Eva Neduchalov\u00e1, I\u010cO 08058296 1. Z\u00e1kladn\u00ed ustanoven\u00ed Tyto v\u0161eobecn\u00e9 smluvn\u00ed podm\u00ednky upravuj\u00ed pr\u00e1vn\u00ed z\u00e1vazkov\u00e9 vztahy mezi poskytovatelem slu\u017eeb(slu\u017eby uveden\u00e9 na www.evaneduchalova.cz\u00a0v provozovn\u011b \u0158\u00edde\u010d 305, \u00a0785 01 \u0158\u00edde\u010d-\u0160ternberk a kupuj\u00edc\u00edm poskytovan\u00fdch slu\u017eeb. Provozovatel poskytuje \u00a0slu\u017eby na z\u00e1klad\u011b platn\u00e9ho \u017eivnostensk\u00e9ho opr\u00e1vn\u011bn\u00ed a doklad\u016f osv\u011bd\u010duj\u00edc\u00edch odbornou zp\u016fsobilost k vykon\u00e1van\u00fdm \u010dinnostem.&hellip;","_links":{"self":[{"href":"https:\/\/www.evaneduchalova.cz\/index.php\/wp-json\/wp\/v2\/pages\/2202","targetHints":{"allow":["GET"]}}],"collection":[{"href":"https:\/\/www.evaneduchalova.cz\/index.php\/wp-json\/wp\/v2\/pages"}],"about":[{"href":"https:\/\/www.evaneduchalova.cz\/index.php\/wp-json\/wp\/v2\/types\/page"}],"author":[{"embeddable":true,"href":"https:\/\/www.evaneduchalova.cz\/index.php\/wp-json\/wp\/v2\/users\/1"}],"replies":[{"embeddable":true,"href":"https:\/\/www.evaneduchalova.cz\/index.php\/wp-json\/wp\/v2\/comments?post=2202"}],"version-history":[{"count":10,"href":"https:\/\/www.evaneduchalova.cz\/index.php\/wp-json\/wp\/v2\/pages\/2202\/revisions"}],"predecessor-version":[{"id":2956,"href":"https:\/\/www.evaneduchalova.cz\/index.php\/wp-json\/wp\/v2\/pages\/2202\/revisions\/2956"}],"wp:attachment":[{"href":"https:\/\/www.evaneduchalova.cz\/index.php\/wp-json\/wp\/v2\/media?parent=2202"}],"curies":[{"name":"wp","href":"https:\/\/api.w.org\/{rel}","templated":true}]}}